{"id":210775,"date":"2018-04-04T18:03:42","date_gmt":"2018-04-04T16:03:42","guid":{"rendered":"https:\/\/www.bibliocarloalberto.it\/book\/h_ix_1928\/"},"modified":"2018-08-01T16:14:50","modified_gmt":"2018-08-01T14:14:50","slug":"h_ix_1928","status":"publish","type":"project","link":"https:\/\/www.bibliocarloalberto.it\/fr\/book\/h_ix_1928\/","title":{"rendered":"Hautecombe Abbaye Royale"},"content":{"rendered":"<p>[et_pb_section bb_built=\u00a0\u00bb1&Prime; fullwidth=\u00a0\u00bbon\u00a0\u00bb specialty=\u00a0\u00bboff\u00a0\u00bb _builder_version=\u00a0\u00bb3.7&Prime; background_image=\u00a0\u00bbhttps:\/\/www.bibliocarloalberto.it\/wp-content\/uploads\/2018\/04\/header-viaggi-luoghi.jpg\u00a0\u00bb custom_css_main_element=\u00a0\u00bbheight: 125px;||padding-top: 2%;\u00a0\u00bb next_background_color=\u00a0\u00bb#ffffff\u00a0\u00bb global_module=\u00a0\u00bb210238&Prime;][et_pb_fullwidth_header admin_label=\u00a0\u00bbheader-viaggi-luoghi-FR\u00a0\u00bb global_parent=\u00a0\u00bb210238&Prime; _builder_version=\u00a0\u00bb3.7&Prime; title=\u00a0\u00bbLivres et territoire \/ Voyages et lieux\u00a0\u00bb title_level=\u00a0\u00bbh2&Prime; title_font=\u00a0\u00bb|700||on|||||\u00a0\u00bb background_color=\u00a0\u00bbrgba(255, 255, 255, 0)\u00a0\u00bb text_shadow_horizontal_length=\u00a0\u00bb0.08em\u00a0\u00bb text_shadow_vertical_length=\u00a0\u00bb0.08em\u00a0\u00bb text_shadow_blur_strength=\u00a0\u00bb0.08em\u00a0\u00bb title_line_height=\u00a0\u00bb0&Prime; title_text_shadow_style=\u00a0\u00bbpreset2&Prime; \/][\/et_pb_section][et_pb_section bb_built=\u00a0\u00bb1&Prime; specialty=\u00a0\u00bboff\u00a0\u00bb _builder_version=\u00a0\u00bb3.9&Prime; prev_background_color=\u00a0\u00bb#000000&Prime; next_background_color=\u00a0\u00bb#000000&Prime;][et_pb_row _builder_version=\u00a0\u00bb3.0.106&Prime; use_custom_gutter=\u00a0\u00bbon\u00a0\u00bb gutter_width=\u00a0\u00bb1&Prime; use_custom_width=\u00a0\u00bbon\u00a0\u00bb custom_width_percent=\u00a0\u00bb100%\u00a0\u00bb custom_width_px=\u00a0\u00bb1220px\u00a0\u00bb module_class=\u00a0\u00bbcolonne\u00a0\u00bb padding_right_2=\u00a0\u00bb20px\u00a0\u00bb custom_padding=\u00a0\u00bb0px|0px|0px|0px\u00a0\u00bb padding_left_2=\u00a0\u00bb20px\u00a0\u00bb][et_pb_column type=\u00a0\u00bb1_4&Prime;][et_pb_image admin_label=\u00a0\u00bbIMG-COVER-ViaggiLuoghi\u00a0\u00bb _builder_version=\u00a0\u00bb3.1.1&Prime; border_width_all=\u00a0\u00bb2&Prime; border_color_all=\u00a0\u00bb#79417a\u00a0\u00bb src=\u00a0\u00bbhttps:\/\/www.bibliocarloalberto.it\/wp-content\/uploads\/H_IX_1928_COVER.jpg\u00a0\u00bb box_shadow_style=\u00a0\u00bbpreset3&Prime; \/][et_pb_divider _builder_version=\u00a0\u00bb3.0.106&Prime; color=\u00a0\u00bb#ffffff\u00a0\u00bb show_divider=\u00a0\u00bboff\u00a0\u00bb \/][et_pb_blurb admin_label=\u00a0\u00bbSala lettura FR\u00a0\u00bb _builder_version=\u00a0\u00bb3.10.1&Prime; title=\u00a0\u00bbLa version num\u00e9rique du livre peut \u00eatre trouv\u00e9e dans la salle de lecture du ch\u00e2teau de Racconigi\u00a0\u00bb url=\u00a0\u00bbhttps:\/\/www.bibliocarloalberto.it\/fr\/bibliotheque\/#sala\u00a0\u00bb use_icon=\u00a0\u00bbon\u00a0\u00bb font_icon=\u00a0\u00bb%%105%%\u00a0\u00bb icon_placement=\u00a0\u00bbleft\u00a0\u00bb header_font_size=\u00a0\u00bb15&Prime; header_line_height=\u00a0\u00bb1.1em\u00a0\u00bb border_width_top=\u00a0\u00bb1&Prime; border_color_top=\u00a0\u00bb#bc1313&Prime; border_width_bottom=\u00a0\u00bb1&Prime; border_color_bottom=\u00a0\u00bb#bc1313&Prime; custom_padding=\u00a0\u00bb7px|||\u00a0\u00bb header_text_color=\u00a0\u00bb#000000&Prime; animation=\u00a0\u00bboff\u00a0\u00bb saved_tabs=\u00a0\u00bball\u00a0\u00bb global_module=\u00a0\u00bb212121&Prime; \/][et_pb_divider _builder_version=\u00a0\u00bb3.0.106&Prime; color=\u00a0\u00bb#ffffff\u00a0\u00bb show_divider=\u00a0\u00bboff\u00a0\u00bb \/][\/et_pb_column][et_pb_column type=\u00a0\u00bb1_2&Prime;][et_pb_post_title _builder_version=\u00a0\u00bb3.0.106&Prime; title=\u00a0\u00bbon\u00a0\u00bb meta=\u00a0\u00bboff\u00a0\u00bb author=\u00a0\u00bbon\u00a0\u00bb date=\u00a0\u00bbon\u00a0\u00bb categories=\u00a0\u00bbon\u00a0\u00bb comments=\u00a0\u00bbon\u00a0\u00bb featured_image=\u00a0\u00bboff\u00a0\u00bb featured_placement=\u00a0\u00bbbelow\u00a0\u00bb text_color=\u00a0\u00bbdark\u00a0\u00bb text_background=\u00a0\u00bboff\u00a0\u00bb custom_padding=\u00a0\u00bb10px|||\u00a0\u00bb saved_tabs=\u00a0\u00bball\u00a0\u00bb global_module=\u00a0\u00bb206779&Prime; title_font_size=\u00a0\u00bb24&Prime; \/][et_pb_acf_single_item admin_label=\u00a0\u00bbSottotitolo-FR\u00a0\u00bb _builder_version=\u00a0\u00bb3.9&Prime; field_name=\u00a0\u00bbsous-titre|sous-titre\u00a0\u00bb image_size=\u00a0\u00bbthumbnail\u00a0\u00bb link_image=\u00a0\u00bbnone\u00a0\u00bb format_output=\u00a0\u00bbnone\u00a0\u00bb saved_tabs=\u00a0\u00bball\u00a0\u00bb global_module=\u00a0\u00bb210562&Prime; \/][et_pb_acf_single_item admin_label=\u00a0\u00bbAutore-fr\u00a0\u00bb _builder_version=\u00a0\u00bb3.9&Prime; field_name=\u00a0\u00bbauteur|auteur\u00a0\u00bb image_size=\u00a0\u00bbthumbnail\u00a0\u00bb link_image=\u00a0\u00bbnone\u00a0\u00bb format_output=\u00a0\u00bbnone\u00a0\u00bb title=\u00a0\u00bbAuteur:\u00a0\u00bb headings_font=\u00a0\u00bb|700|||||||\u00a0\u00bb saved_tabs=\u00a0\u00bball\u00a0\u00bb headings_font_size=\u00a0\u00bb14&Prime; global_module=\u00a0\u00bb210565&Prime; \/][et_pb_acf_single_item admin_label=\u00a0\u00bbData-fr\u00a0\u00bb _builder_version=\u00a0\u00bb3.9&Prime; field_name=\u00a0\u00bbDate de publication|date_de_publication\u00a0\u00bb image_size=\u00a0\u00bbthumbnail\u00a0\u00bb link_image=\u00a0\u00bbnone\u00a0\u00bb format_output=\u00a0\u00bbnone\u00a0\u00bb title=\u00a0\u00bbDate de publication:\u00a0\u00bb saved_tabs=\u00a0\u00bball\u00a0\u00bb headings_font_size=\u00a0\u00bb14&Prime; headings_font=\u00a0\u00bb|700|||||||\u00a0\u00bb global_module=\u00a0\u00bb210569&Prime; \/][et_pb_acf_single_item admin_label=\u00a0\u00bbDescrizione-fr\u00a0\u00bb _builder_version=\u00a0\u00bb3.7&Prime; field_name=\u00a0\u00bbDescrizione|description\u00a0\u00bb image_size=\u00a0\u00bbthumbnail\u00a0\u00bb link_image=\u00a0\u00bbnone\u00a0\u00bb format_output=\u00a0\u00bbnone\u00a0\u00bb saved_tabs=\u00a0\u00bball\u00a0\u00bb global_module=\u00a0\u00bb210572&Prime; \/][et_pb_code _builder_version=\u00a0\u00bb3.6&Prime; color=\u00a0\u00bb#ffffff\u00a0\u00bb show_divider=\u00a0\u00bboff\u00a0\u00bb]&lt;style&gt;.word-cloud a { display: inline-block; margin-right: 5px; color: #7b7b7d; } .word-cloud a:hover { color: #bc1313; } .word-cloud .size-1 { font-size: 12px; } .word-cloud .size-2 { font-size: 14px; } .word-cloud .size-3 { font-size: 16px; } .word-cloud .size-4 { font-size: 18px; } .word-cloud .size-5 { font-size: 20px; } .word-cloud .size-6 { font-size: 22px; } .word-cloud .size-7 { font-size: 24px; } .word-cloud .size-8 { font-size: 26px; } .word-cloud .size-9 { font-size: 28px; } .word-cloud .size-10 { font-size: 30px; }&lt;\/style&gt;&lt;!&#8211; [et_pb_line_break_holder] &#8211;&gt;&lt;!&#8211; [et_pb_line_break_holder] &#8211;&gt;&lt;div class=&quot;word-cloud&quot; id=&quot;word-cloud&quot;&gt;&lt;a href=&quot;https:\/\/www.bibliocarloalberto.it\/search\/main.page#\/results?start=0&amp;qf=nomeFile%7C%22H_IX_1928.pdf%22&amp;ads_text=abbaye&quot; class=&quot;size-6&quot;&gt;abbaye&lt;\/a&gt;&lt;a href=&quot;https:\/\/www.bibliocarloalberto.it\/search\/main.page#\/results?start=0&amp;qf=nomeFile%7C%22H_IX_1928.pdf%22&amp;ads_text=abb\u00e9&quot; class=&quot;size-5&quot;&gt;abb\u00e9&lt;\/a&gt;&lt;a href=&quot;https:\/\/www.bibliocarloalberto.it\/search\/main.page#\/results?start=0&amp;qf=nomeFile%7C%22H_IX_1928.pdf%22&amp;ads_text=\u00e2ge&quot; class=&quot;size-1&quot;&gt;\u00e2ge&lt;\/a&gt;&lt;a href=&quot;https:\/\/www.bibliocarloalberto.it\/search\/main.page#\/results?start=0&amp;qf=nomeFile%7C%22H_IX_1928.pdf%22&amp;ads_text=Alphonse Delb\u00e8ne&quot; class=&quot;size-2&quot;&gt;Alphonse Delb\u00e8ne&lt;\/a&gt;&lt;a href=&quot;https:\/\/www.bibliocarloalberto.it\/search\/main.page#\/results?start=0&amp;qf=nomeFile%7C%22H_IX_1928.pdf%22&amp;ads_text=am\u00e9&quot; class=&quot;size-1&quot;&gt;am\u00e9&lt;\/a&gt;&lt;a href=&quot;https:\/\/www.bibliocarloalberto.it\/search\/main.page#\/results?start=0&amp;qf=nomeFile%7C%22H_IX_1928.pdf%22&amp;ads_text=Am\u00e9d\u00e9e de Clermont&quot; class=&quot;size-4&quot;&gt;Am\u00e9d\u00e9e de Clermont&lt;\/a&gt;&lt;a href=&quot;https:\/\/www.bibliocarloalberto.it\/search\/main.page#\/results?start=0&amp;qf=nomeFile%7C%22H_IX_1928.pdf%22&amp;ads_text=Antoine&quot; class=&quot;size-1&quot;&gt;Antoine&lt;\/a&gt;&lt;a href=&quot;https:\/\/www.bibliocarloalberto.it\/search\/main.page#\/results?start=0&amp;qf=nomeFile%7C%22H_IX_1928.pdf%22&amp;ads_text=argent&quot; class=&quot;size-1&quot;&gt;argent&lt;\/a&gt;&lt;a href=&quot;https:\/\/www.bibliocarloalberto.it\/search\/main.page#\/results?start=0&amp;qf=nomeFile%7C%22H_IX_1928.pdf%22&amp;ads_text=beau&quot; class=&quot;size-1&quot;&gt;beau&lt;\/a&gt;&lt;a href=&quot;https:\/\/www.bibliocarloalberto.it\/search\/main.page#\/results?start=0&amp;qf=nomeFile%7C%22H_IX_1928.pdf%22&amp;ads_text=belle&quot; class=&quot;size-1&quot;&gt;belle&lt;\/a&gt;&lt;a href=&quot;https:\/\/www.bibliocarloalberto.it\/search\/main.page#\/results?start=0&amp;qf=nomeFile%7C%22H_IX_1928.pdf%22&amp;ads_text=bernard&quot; class=&quot;size-1&quot;&gt;bernard&lt;\/a&gt;&lt;a href=&quot;https:\/\/www.bibliocarloalberto.it\/search\/main.page#\/results?start=0&amp;qf=nomeFile%7C%22H_IX_1928.pdf%22&amp;ads_text=bonne&quot; class=&quot;size-1&quot;&gt;bonne&lt;\/a&gt;&lt;a href=&quot;https:\/\/www.bibliocarloalberto.it\/search\/main.page#\/results?start=0&amp;qf=nomeFile%7C%22H_IX_1928.pdf%22&amp;ads_text=bord&quot; class=&quot;size-1&quot;&gt;bord&lt;\/a&gt;&lt;a href=&quot;https:\/\/www.bibliocarloalberto.it\/search\/main.page#\/results?start=0&amp;qf=nomeFile%7C%22H_IX_1928.pdf%22&amp;ads_text=cependant&quot; class=&quot;size-1&quot;&gt;cependant&lt;\/a&gt;&lt;a href=&quot;https:\/\/www.bibliocarloalberto.it\/search\/main.page#\/results?start=0&amp;qf=nomeFile%7C%22H_IX_1928.pdf%22&amp;ads_text=Chamb\u00e9ry&quot; class=&quot;size-4&quot;&gt;Chamb\u00e9ry&lt;\/a&gt;&lt;a href=&quot;https:\/\/www.bibliocarloalberto.it\/search\/main.page#\/results?start=0&amp;qf=nomeFile%7C%22H_IX_1928.pdf%22&amp;ads_text=chapelle&quot; class=&quot;size-1&quot;&gt;chapelle&lt;\/a&gt;&lt;a href=&quot;https:\/\/www.bibliocarloalberto.it\/search\/main.page#\/results?start=0&amp;qf=nomeFile%7C%22H_IX_1928.pdf%22&amp;ads_text=chapitre&quot; class=&quot;size-1&quot;&gt;chapitre&lt;\/a&gt;&lt;a href=&quot;https:\/\/www.bibliocarloalberto.it\/search\/main.page#\/results?start=0&amp;qf=nomeFile%7C%22H_IX_1928.pdf%22&amp;ads_text=C\u00eeteaux&quot; class=&quot;size-4&quot;&gt;C\u00eeteaux&lt;\/a&gt;&lt;a href=&quot;https:\/\/www.bibliocarloalberto.it\/search\/main.page#\/results?start=0&amp;qf=nomeFile%7C%22H_IX_1928.pdf%22&amp;ads_text=Clairvaux&quot; class=&quot;size-2&quot;&gt;Clairvaux&lt;\/a&gt;&lt;a href=&quot;https:\/\/www.bibliocarloalberto.it\/search\/main.page#\/results?start=0&amp;qf=nomeFile%7C%22H_IX_1928.pdf%22&amp;ads_text=clo\u00eetre&quot; class=&quot;size-1&quot;&gt;clo\u00eetre&lt;\/a&gt;&lt;a href=&quot;https:\/\/www.bibliocarloalberto.it\/search\/main.page#\/results?start=0&amp;qf=nomeFile%7C%22H_IX_1928.pdf%22&amp;ads_text=combe&quot; class=&quot;size-1&quot;&gt;combe&lt;\/a&gt;&lt;a href=&quot;https:\/\/www.bibliocarloalberto.it\/search\/main.page#\/results?start=0&amp;qf=nomeFile%7C%22H_IX_1928.pdf%22&amp;ads_text=commendataire&quot; class=&quot;size-1&quot;&gt;commendataire&lt;\/a&gt;&lt;a href=&quot;https:\/\/www.bibliocarloalberto.it\/search\/main.page#\/results?start=0&amp;qf=nomeFile%7C%22H_IX_1928.pdf%22&amp;ads_text=comte&quot; class=&quot;size-2&quot;&gt;comte&lt;\/a&gt;&lt;a href=&quot;https:\/\/www.bibliocarloalberto.it\/search\/main.page#\/results?start=0&amp;qf=nomeFile%7C%22H_IX_1928.pdf%22&amp;ads_text=corps&quot; class=&quot;size-1&quot;&gt;corps&lt;\/a&gt;&lt;a href=&quot;https:\/\/www.bibliocarloalberto.it\/search\/main.page#\/results?start=0&amp;qf=nomeFile%7C%22H_IX_1928.pdf%22&amp;ads_text=c\u00f4t\u00e9&quot; class=&quot;size-1&quot;&gt;c\u00f4t\u00e9&lt;\/a&gt;&lt;a href=&quot;https:\/\/www.bibliocarloalberto.it\/search\/main.page#\/results?start=0&amp;qf=nomeFile%7C%22H_IX_1928.pdf%22&amp;ads_text=cour&quot; class=&quot;size-1&quot;&gt;cour&lt;\/a&gt;&lt;a href=&quot;https:\/\/www.bibliocarloalberto.it\/search\/main.page#\/results?start=0&amp;qf=nomeFile%7C%22H_IX_1928.pdf%22&amp;ads_text=domaine&quot; class=&quot;size-1&quot;&gt;domaine&lt;\/a&gt;&lt;a href=&quot;https:\/\/www.bibliocarloalberto.it\/search\/main.page#\/results?start=0&amp;qf=nomeFile%7C%22H_IX_1928.pdf%22&amp;ads_text=duc&quot; class=&quot;size-1&quot;&gt;duc&lt;\/a&gt;&lt;a href=&quot;https:\/\/www.bibliocarloalberto.it\/search\/main.page#\/results?start=0&amp;qf=nomeFile%7C%22H_IX_1928.pdf%22&amp;ads_text=eau&quot; class=&quot;size-1&quot;&gt;eau&lt;\/a&gt;&lt;a href=&quot;https:\/\/www.bibliocarloalberto.it\/search\/main.page#\/results?start=0&amp;qf=nomeFile%7C%22H_IX_1928.pdf%22&amp;ads_text=\u00e9glise&quot; class=&quot;size-2&quot;&gt;\u00e9glise&lt;\/a&gt;&lt;a href=&quot;https:\/\/www.bibliocarloalberto.it\/search\/main.page#\/results?start=0&amp;qf=nomeFile%7C%22H_IX_1928.pdf%22&amp;ads_text=famille&quot; class=&quot;size-1&quot;&gt;famille&lt;\/a&gt;&lt;a href=&quot;https:\/\/www.bibliocarloalberto.it\/search\/main.page#\/results?start=0&amp;qf=nomeFile%7C%22H_IX_1928.pdf%22&amp;ads_text=fille&quot; class=&quot;size-1&quot;&gt;fille&lt;\/a&gt;&lt;a href=&quot;https:\/\/www.bibliocarloalberto.it\/search\/main.page#\/results?start=0&amp;qf=nomeFile%7C%22H_IX_1928.pdf%22&amp;ads_text=fils&quot; class=&quot;size-1&quot;&gt;fils&lt;\/a&gt;&lt;a href=&quot;https:\/\/www.bibliocarloalberto.it\/search\/main.page#\/results?start=0&amp;qf=nomeFile%7C%22H_IX_1928.pdf%22&amp;ads_text=France&quot; class=&quot;size-4&quot;&gt;France&lt;\/a&gt;&lt;a href=&quot;https:\/\/www.bibliocarloalberto.it\/search\/main.page#\/results?start=0&amp;qf=nomeFile%7C%22H_IX_1928.pdf%22&amp;ads_text=furent&quot; class=&quot;size-1&quot;&gt;furent&lt;\/a&gt;&lt;a href=&quot;https:\/\/www.bibliocarloalberto.it\/search\/main.page#\/results?start=0&amp;qf=nomeFile%7C%22H_IX_1928.pdf%22&amp;ads_text=g\u00e9n\u00e9ral&quot; class=&quot;size-1&quot;&gt;g\u00e9n\u00e9ral&lt;\/a&gt;&lt;a href=&quot;https:\/\/www.bibliocarloalberto.it\/search\/main.page#\/results?start=0&amp;qf=nomeFile%7C%22H_IX_1928.pdf%22&amp;ads_text=Hautecombe&quot; class=&quot;size-10&quot;&gt;Hautecombe&lt;\/a&gt;&lt;a href=&quot;https:\/\/www.bibliocarloalberto.it\/search\/main.page#\/results?start=0&amp;qf=nomeFile%7C%22H_IX_1928.pdf%22&amp;ads_text=Henri&quot; class=&quot;size-1&quot;&gt;Henri&lt;\/a&gt;&lt;a href=&quot;https:\/\/www.bibliocarloalberto.it\/search\/main.page#\/results?start=0&amp;qf=nomeFile%7C%22H_IX_1928.pdf%22&amp;ads_text=homme&quot; class=&quot;size-1&quot;&gt;homme&lt;\/a&gt;&lt;a href=&quot;https:\/\/www.bibliocarloalberto.it\/search\/main.page#\/results?start=0&amp;qf=nomeFile%7C%22H_IX_1928.pdf%22&amp;ads_text=hommes&quot; class=&quot;size-1&quot;&gt;hommes&lt;\/a&gt;&lt;a href=&quot;https:\/\/www.bibliocarloalberto.it\/search\/main.page#\/results?start=0&amp;qf=nomeFile%7C%22H_IX_1928.pdf%22&amp;ads_text=Humbert&quot; class=&quot;size-1&quot;&gt;Humbert&lt;\/a&gt;&lt;a href=&quot;https:\/\/www.bibliocarloalberto.it\/search\/main.page#\/results?start=0&amp;qf=nomeFile%7C%22H_IX_1928.pdf%22&amp;ads_text=lac&quot; class=&quot;size-3&quot;&gt;lac&lt;\/a&gt;&lt;a href=&quot;https:\/\/www.bibliocarloalberto.it\/search\/main.page#\/results?start=0&amp;qf=nomeFile%7C%22H_IX_1928.pdf%22&amp;ads_text=lettres&quot; class=&quot;size-1&quot;&gt;lettres&lt;\/a&gt;&lt;a href=&quot;https:\/\/www.bibliocarloalberto.it\/search\/main.page#\/results?start=0&amp;qf=nomeFile%7C%22H_IX_1928.pdf%22&amp;ads_text=livres&quot; class=&quot;size-1&quot;&gt;livres&lt;\/a&gt;&lt;a href=&quot;https:\/\/www.bibliocarloalberto.it\/search\/main.page#\/results?start=0&amp;qf=nomeFile%7C%22H_IX_1928.pdf%22&amp;ads_text=Lyon&quot; class=&quot;size-2&quot;&gt;Lyon&lt;\/a&gt;&lt;a href=&quot;https:\/\/www.bibliocarloalberto.it\/search\/main.page#\/results?start=0&amp;qf=nomeFile%7C%22H_IX_1928.pdf%22&amp;ads_text=maison&quot; class=&quot;size-2&quot;&gt;maison&lt;\/a&gt;&lt;a href=&quot;https:\/\/www.bibliocarloalberto.it\/search\/main.page#\/results?start=0&amp;qf=nomeFile%7C%22H_IX_1928.pdf%22&amp;ads_text=Marelli&quot; class=&quot;size-1&quot;&gt;Marelli&lt;\/a&gt;&lt;a href=&quot;https:\/\/www.bibliocarloalberto.it\/search\/main.page#\/results?start=0&amp;qf=nomeFile%7C%22H_IX_1928.pdf%22&amp;ads_text=ment&quot; class=&quot;size-1&quot;&gt;ment&lt;\/a&gt;&lt;a href=&quot;https:\/\/www.bibliocarloalberto.it\/search\/main.page#\/results?start=0&amp;qf=nomeFile%7C%22H_IX_1928.pdf%22&amp;ads_text=moine&quot; class=&quot;size-1&quot;&gt;moine&lt;\/a&gt;&lt;a href=&quot;https:\/\/www.bibliocarloalberto.it\/search\/main.page#\/results?start=0&amp;qf=nomeFile%7C%22H_IX_1928.pdf%22&amp;ads_text=moines&quot; class=&quot;size-4&quot;&gt;moines&lt;\/a&gt;&lt;a href=&quot;https:\/\/www.bibliocarloalberto.it\/search\/main.page#\/results?start=0&amp;qf=nomeFile%7C%22H_IX_1928.pdf%22&amp;ads_text=monast\u00e8re&quot; class=&quot;size-2&quot;&gt;monast\u00e8re&lt;\/a&gt;&lt;a href=&quot;https:\/\/www.bibliocarloalberto.it\/search\/main.page#\/results?start=0&amp;qf=nomeFile%7C%22H_IX_1928.pdf%22&amp;ads_text=monde&quot; class=&quot;size-1&quot;&gt;monde&lt;\/a&gt;&lt;a href=&quot;https:\/\/www.bibliocarloalberto.it\/search\/main.page#\/results?start=0&amp;qf=nomeFile%7C%22H_IX_1928.pdf%22&amp;ads_text=montagne&quot; class=&quot;size-1&quot;&gt;montagne&lt;\/a&gt;&lt;a href=&quot;https:\/\/www.bibliocarloalberto.it\/search\/main.page#\/results?start=0&amp;qf=nomeFile%7C%22H_IX_1928.pdf%22&amp;ads_text=nom&quot; class=&quot;size-1&quot;&gt;nom&lt;\/a&gt;&lt;a href=&quot;https:\/\/www.bibliocarloalberto.it\/search\/main.page#\/results?start=0&amp;qf=nomeFile%7C%22H_IX_1928.pdf%22&amp;ads_text=\u0153uvre&quot; class=&quot;size-1&quot;&gt;\u0153uvre&lt;\/a&gt;&lt;a href=&quot;https:\/\/www.bibliocarloalberto.it\/search\/main.page#\/results?start=0&amp;qf=nomeFile%7C%22H_IX_1928.pdf%22&amp;ads_text=ordre&quot; class=&quot;size-1&quot;&gt;ordre&lt;\/a&gt;&lt;a href=&quot;https:\/\/www.bibliocarloalberto.it\/search\/main.page#\/results?start=0&amp;qf=nomeFile%7C%22H_IX_1928.pdf%22&amp;ads_text=pape&quot; class=&quot;size-2&quot;&gt;pape&lt;\/a&gt;&lt;a href=&quot;https:\/\/www.bibliocarloalberto.it\/search\/main.page#\/results?start=0&amp;qf=nomeFile%7C%22H_IX_1928.pdf%22&amp;ads_text=parce&quot; class=&quot;size-1&quot;&gt;parce&lt;\/a&gt;&lt;a href=&quot;https:\/\/www.bibliocarloalberto.it\/search\/main.page#\/results?start=0&amp;qf=nomeFile%7C%22H_IX_1928.pdf%22&amp;ads_text=pays&quot; class=&quot;size-1&quot;&gt;pays&lt;\/a&gt;&lt;a href=&quot;https:\/\/www.bibliocarloalberto.it\/search\/main.page#\/results?start=0&amp;qf=nomeFile%7C%22H_IX_1928.pdf%22&amp;ads_text=p\u00e8re&quot; class=&quot;size-1&quot;&gt;p\u00e8re&lt;\/a&gt;&lt;a href=&quot;https:\/\/www.bibliocarloalberto.it\/search\/main.page#\/results?start=0&amp;qf=nomeFile%7C%22H_IX_1928.pdf%22&amp;ads_text=petit&quot; class=&quot;size-1&quot;&gt;petit&lt;\/a&gt;&lt;a href=&quot;https:\/\/www.bibliocarloalberto.it\/search\/main.page#\/results?start=0&amp;qf=nomeFile%7C%22H_IX_1928.pdf%22&amp;ads_text=pierre&quot; class=&quot;size-1&quot;&gt;pierre&lt;\/a&gt;&lt;a href=&quot;https:\/\/www.bibliocarloalberto.it\/search\/main.page#\/results?start=0&amp;qf=nomeFile%7C%22H_IX_1928.pdf%22&amp;ads_text=porte&quot; class=&quot;size-1&quot;&gt;porte&lt;\/a&gt;&lt;a href=&quot;https:\/\/www.bibliocarloalberto.it\/search\/main.page#\/results?start=0&amp;qf=nomeFile%7C%22H_IX_1928.pdf%22&amp;ads_text=premier&quot; class=&quot;size-1&quot;&gt;premier&lt;\/a&gt;&lt;a href=&quot;https:\/\/www.bibliocarloalberto.it\/search\/main.page#\/results?start=0&amp;qf=nomeFile%7C%22H_IX_1928.pdf%22&amp;ads_text=prince&quot; class=&quot;size-1&quot;&gt;prince&lt;\/a&gt;&lt;a href=&quot;https:\/\/www.bibliocarloalberto.it\/search\/main.page#\/results?start=0&amp;qf=nomeFile%7C%22H_IX_1928.pdf%22&amp;ads_text=princes&quot; class=&quot;size-1&quot;&gt;princes&lt;\/a&gt;&lt;a href=&quot;https:\/\/www.bibliocarloalberto.it\/search\/main.page#\/results?start=0&amp;qf=nomeFile%7C%22H_IX_1928.pdf%22&amp;ads_text=r\u00e8gle&quot; class=&quot;size-1&quot;&gt;r\u00e8gle&lt;\/a&gt;&lt;a href=&quot;https:\/\/www.bibliocarloalberto.it\/search\/main.page#\/results?start=0&amp;qf=nomeFile%7C%22H_IX_1928.pdf%22&amp;ads_text=religieux&quot; class=&quot;size-1&quot;&gt;religieux&lt;\/a&gt;&lt;a href=&quot;https:\/\/www.bibliocarloalberto.it\/search\/main.page#\/results?start=0&amp;qf=nomeFile%7C%22H_IX_1928.pdf%22&amp;ads_text=revenus&quot; class=&quot;size-1&quot;&gt;revenus&lt;\/a&gt;&lt;a href=&quot;https:\/\/www.bibliocarloalberto.it\/search\/main.page#\/results?start=0&amp;qf=nomeFile%7C%22H_IX_1928.pdf%22&amp;ads_text=Rome&quot; class=&quot;size-1&quot;&gt;Rome&lt;\/a&gt;&lt;a href=&quot;https:\/\/www.bibliocarloalberto.it\/search\/main.page#\/results?start=0&amp;qf=nomeFile%7C%22H_IX_1928.pdf%22&amp;ads_text=Savoie&quot; class=&quot;size-6&quot;&gt;Savoie&lt;\/a&gt;&lt;a href=&quot;https:\/\/www.bibliocarloalberto.it\/search\/main.page#\/results?start=0&amp;qf=nomeFile%7C%22H_IX_1928.pdf%22&amp;ads_text=seigneur&quot; class=&quot;size-1&quot;&gt;seigneur&lt;\/a&gt;&lt;a href=&quot;https:\/\/www.bibliocarloalberto.it\/search\/main.page#\/results?start=0&amp;qf=nomeFile%7C%22H_IX_1928.pdf%22&amp;ads_text=s\u00e9nat&quot; class=&quot;size-1&quot;&gt;s\u00e9nat&lt;\/a&gt;&lt;a href=&quot;https:\/\/www.bibliocarloalberto.it\/search\/main.page#\/results?start=0&amp;qf=nomeFile%7C%22H_IX_1928.pdf%22&amp;ads_text=temps&quot; class=&quot;size-2&quot;&gt;temps&lt;\/a&gt;&lt;a href=&quot;https:\/\/www.bibliocarloalberto.it\/search\/main.page#\/results?start=0&amp;qf=nomeFile%7C%22H_IX_1928.pdf%22&amp;ads_text=terre&quot; class=&quot;size-1&quot;&gt;terre&lt;\/a&gt;&lt;a href=&quot;https:\/\/www.bibliocarloalberto.it\/search\/main.page#\/results?start=0&amp;qf=nomeFile%7C%22H_IX_1928.pdf%22&amp;ads_text=Thomas&quot; class=&quot;size-1&quot;&gt;Thomas&lt;\/a&gt;&lt;a href=&quot;https:\/\/www.bibliocarloalberto.it\/search\/main.page#\/results?start=0&amp;qf=nomeFile%7C%22H_IX_1928.pdf%22&amp;ads_text=Turin&quot; class=&quot;size-2&quot;&gt;Turin&lt;\/a&gt;&lt;a href=&quot;https:\/\/www.bibliocarloalberto.it\/search\/main.page#\/results?start=0&amp;qf=nomeFile%7C%22H_IX_1928.pdf%22&amp;ads_text=vie&quot; class=&quot;size-1&quot;&gt;vie&lt;\/a&gt;&lt;a href=&quot;https:\/\/www.bibliocarloalberto.it\/search\/main.page#\/results?start=0&amp;qf=nomeFile%7C%22H_IX_1928.pdf%22&amp;ads_text=vint&quot; class=&quot;size-1&quot;&gt;vint&lt;\/a&gt;&lt;a href=&quot;https:\/\/www.bibliocarloalberto.it\/search\/main.page#\/results?start=0&amp;qf=nomeFile%7C%22H_IX_1928.pdf%22&amp;ads_text=voulut&quot; class=&quot;size-1&quot;&gt;voulut&lt;\/a&gt;&lt;\/div&gt;&lt;!&#8211; [et_pb_line_break_holder] &#8211;&gt;&lt;!&#8211; [et_pb_line_break_holder] &#8211;&gt;[\/et_pb_code][\/et_pb_column][et_pb_column type=\u00a0\u00bb1_4&Prime;][et_pb_sidebar _builder_version=\u00a0\u00bb3.2.1&Prime; area=\u00a0\u00bbet_pb_widget_area_4&Prime; orientation=\u00a0\u00bbright\u00a0\u00bb body_font_size=\u00a0\u00bb12&Prime; disabled=\u00a0\u00bboff\u00a0\u00bb disabled_on=\u00a0\u00bbon|on|\u00a0\u00bb saved_tabs=\u00a0\u00bball\u00a0\u00bb global_module=\u00a0\u00bb208526&Prime; \/][\/et_pb_column][\/et_pb_row][\/et_pb_section][et_pb_section bb_built=\u00a0\u00bb1&Prime; specialty=\u00a0\u00bboff\u00a0\u00bb prev_background_color=\u00a0\u00bb#000000&Prime; _builder_version=\u00a0\u00bb3.5.1&Prime; custom_padding=\u00a0\u00bb0px|||\u00a0\u00bb][et_pb_row _builder_version=\u00a0\u00bb3.5.1&Prime; custom_padding=\u00a0\u00bb0px|||\u00a0\u00bb][et_pb_column type=\u00a0\u00bb4_4&Prime;][et_pb_dp_oc_custom_fw _builder_version=\u00a0\u00bb3.5.1&Prime; direction=\u00a0\u00bbrtl\u00a0\u00bb background_layout=\u00a0\u00bblight\u00a0\u00bb image_title_text_align=\u00a0\u00bbcenter\u00a0\u00bb image_content_text_align=\u00a0\u00bbcenter\u00a0\u00bb arrow_color=\u00a0\u00bb#3c3d41&Prime; control_color=\u00a0\u00bb#3c3d41&Prime; slide_auto=\u00a0\u00bboff\u00a0\u00bb image_title_font=\u00a0\u00bb|700|||||||\u00a0\u00bb image_content_font=\u00a0\u00bb||on||||||\u00a0\u00bb image_title_font_size=\u00a0\u00bb13&Prime; image_content_font_size=\u00a0\u00bb12&Prime; control_size=\u00a0\u00bb8px\u00a0\u00bb behavior=\u00a0\u00bbrewind\u00a0\u00bb][et_pb_dp_oc_custom_fw_item _builder_version=\u00a0\u00bb3.5.1&Prime; upload_image=\u00a0\u00bbhttps:\/\/www.bibliocarloalberto.it\/wp-content\/uploads\/2018\/04\/h_ix_1928-img1.jpg\u00a0\u00bb show_in_lightbox=\u00a0\u00bbon\u00a0\u00bb use_original=\u00a0\u00bbon\u00a0\u00bb url_new_window=\u00a0\u00bboff\u00a0\u00bb box_shadow_style=\u00a0\u00bbnone\u00a0\u00bb admin_title=\u00a0\u00bb1&Prime; \/][et_pb_dp_oc_custom_fw_item _builder_version=\u00a0\u00bb3.5.1&Prime; upload_image=\u00a0\u00bbhttps:\/\/www.bibliocarloalberto.it\/wp-content\/uploads\/2018\/04\/h_ix_1928-img3.jpg\u00a0\u00bb show_in_lightbox=\u00a0\u00bbon\u00a0\u00bb use_original=\u00a0\u00bbon\u00a0\u00bb url_new_window=\u00a0\u00bboff\u00a0\u00bb box_shadow_style=\u00a0\u00bbnone\u00a0\u00bb admin_title=\u00a0\u00bb3&Prime; \/][et_pb_dp_oc_custom_fw_item _builder_version=\u00a0\u00bb3.5.1&Prime; upload_image=\u00a0\u00bbhttps:\/\/www.bibliocarloalberto.it\/wp-content\/uploads\/2018\/04\/h_ix_1928-img4.jpg\u00a0\u00bb show_in_lightbox=\u00a0\u00bbon\u00a0\u00bb use_original=\u00a0\u00bbon\u00a0\u00bb url_new_window=\u00a0\u00bboff\u00a0\u00bb box_shadow_style=\u00a0\u00bbnone\u00a0\u00bb admin_title=\u00a0\u00bb4&Prime; \/][et_pb_dp_oc_custom_fw_item _builder_version=\u00a0\u00bb3.5.1&Prime; upload_image=\u00a0\u00bbhttps:\/\/www.bibliocarloalberto.it\/wp-content\/uploads\/2018\/04\/h_ix_1928-img5.jpg\u00a0\u00bb show_in_lightbox=\u00a0\u00bbon\u00a0\u00bb use_original=\u00a0\u00bbon\u00a0\u00bb url_new_window=\u00a0\u00bboff\u00a0\u00bb box_shadow_style=\u00a0\u00bbnone\u00a0\u00bb admin_title=\u00a0\u00bb5&Prime; \/][et_pb_dp_oc_custom_fw_item _builder_version=\u00a0\u00bb3.5.1&Prime; upload_image=\u00a0\u00bbhttps:\/\/www.bibliocarloalberto.it\/wp-content\/uploads\/2018\/04\/h_ix_1928-img6.jpg\u00a0\u00bb show_in_lightbox=\u00a0\u00bbon\u00a0\u00bb use_original=\u00a0\u00bbon\u00a0\u00bb url_new_window=\u00a0\u00bboff\u00a0\u00bb box_shadow_style=\u00a0\u00bbnone\u00a0\u00bb admin_title=\u00a0\u00bb6&Prime; \/][et_pb_dp_oc_custom_fw_item _builder_version=\u00a0\u00bb3.5.1&Prime; upload_image=\u00a0\u00bbhttps:\/\/www.bibliocarloalberto.it\/wp-content\/uploads\/2018\/04\/h_ix_1928-img2.jpg\u00a0\u00bb show_in_lightbox=\u00a0\u00bbon\u00a0\u00bb use_original=\u00a0\u00bbon\u00a0\u00bb url_new_window=\u00a0\u00bboff\u00a0\u00bb box_shadow_style=\u00a0\u00bbnone\u00a0\u00bb admin_title=\u00a0\u00bb2&Prime; \/][\/et_pb_dp_oc_custom_fw][\/et_pb_column][\/et_pb_row][\/et_pb_section]<\/p>\n","protected":false},"excerpt":{"rendered":"<p>&lt;style&gt;.word-cloud a { display: inline-block; margin-right: 5px; color: #7b7b7d; } .word-cloud a:hover { color: #bc1313; } .word-cloud .size-1 { font-size: 12px; } .word-cloud .size-2 { font-size: 14px; } .word-cloud .size-3 { font-size: 16px; } .word-cloud .size-4 { font-size: 18px; } .word-cloud .size-5 { font-size: 20px; } .word-cloud .size-6 { font-size: 22px; } .word-cloud .size-7 { [&hellip;]<\/p>\n","protected":false},"author":1,"featured_media":206768,"comment_status":"closed","ping_status":"closed","template":"","meta":{"_acf_changed":false,"_et_pb_use_builder":"on","_et_pb_old_content":"<p>Gabriel P\u00e9rouse<\/p><p>La Reale Abbazia di Hautecombe (Altacomba), \u00e8 un luogo simbolico per la dinastia dei Savoia, nella sua cappella si trovano 28 mausolei e sarcofagi dei membri della casa reale.<\/p><p>Il volume con le suggestive illustrazioni di Johanny Drevet ripercorre la storia dell\u2019Abbazia dalla fondazione cistercense sorta al principio del sec. XII in Savoia al 1860, quando, ceduta la Savoia alla Francia, Altacomba rompeva i suoi legami con le terre subalpine.<\/p>","_et_gb_content_width":"","footnotes":""},"project_category":[197],"project_tag":[],"acf":[],"_links":{"self":[{"href":"https:\/\/www.bibliocarloalberto.it\/fr\/wp-json\/wp\/v2\/project\/210775"}],"collection":[{"href":"https:\/\/www.bibliocarloalberto.it\/fr\/wp-json\/wp\/v2\/project"}],"about":[{"href":"https:\/\/www.bibliocarloalberto.it\/fr\/wp-json\/wp\/v2\/types\/project"}],"author":[{"embeddable":true,"href":"https:\/\/www.bibliocarloalberto.it\/fr\/wp-json\/wp\/v2\/users\/1"}],"replies":[{"embeddable":true,"href":"https:\/\/www.bibliocarloalberto.it\/fr\/wp-json\/wp\/v2\/comments?post=210775"}],"version-history":[{"count":5,"href":"https:\/\/www.bibliocarloalberto.it\/fr\/wp-json\/wp\/v2\/project\/210775\/revisions"}],"predecessor-version":[{"id":212281,"href":"https:\/\/www.bibliocarloalberto.it\/fr\/wp-json\/wp\/v2\/project\/210775\/revisions\/212281"}],"wp:featuredmedia":[{"embeddable":true,"href":"https:\/\/www.bibliocarloalberto.it\/fr\/wp-json\/wp\/v2\/media\/206768"}],"wp:attachment":[{"href":"https:\/\/www.bibliocarloalberto.it\/fr\/wp-json\/wp\/v2\/media?parent=210775"}],"wp:term":[{"taxonomy":"project_category","embeddable":true,"href":"https:\/\/www.bibliocarloalberto.it\/fr\/wp-json\/wp\/v2\/project_category?post=210775"},{"taxonomy":"project_tag","embeddable":true,"href":"https:\/\/www.bibliocarloalberto.it\/fr\/wp-json\/wp\/v2\/project_tag?post=210775"}],"curies":[{"name":"wp","href":"https:\/\/api.w.org\/{rel}","templated":true}]}}