{"id":210905,"date":"2018-04-04T17:26:00","date_gmt":"2018-04-04T15:26:00","guid":{"rendered":"https:\/\/www.bibliocarloalberto.it\/book\/g_viii_1516\/"},"modified":"2018-08-01T16:40:18","modified_gmt":"2018-08-01T14:40:18","slug":"g_viii_1516","status":"publish","type":"project","link":"https:\/\/www.bibliocarloalberto.it\/fr\/book\/g_viii_1516\/","title":{"rendered":"Trattato delle Regie Terme Aquesi di Vincenzo Malacarne saluzzese"},"content":{"rendered":"<p>[et_pb_section bb_built=\u00a0\u00bb1&Prime; fullwidth=\u00a0\u00bbon\u00a0\u00bb specialty=\u00a0\u00bboff\u00a0\u00bb _builder_version=\u00a0\u00bb3.7&Prime; background_image=\u00a0\u00bbhttps:\/\/www.bibliocarloalberto.it\/wp-content\/uploads\/2018\/04\/header-acque-seta.jpg\u00a0\u00bb custom_css_main_element=\u00a0\u00bbheight: 125px;||padding-top: 2%;\u00a0\u00bb next_background_color=\u00a0\u00bb#ffffff\u00a0\u00bb global_module=\u00a0\u00bb210261&Prime;][et_pb_fullwidth_header admin_label=\u00a0\u00bbheader acque e seta FR\u00a0\u00bb global_parent=\u00a0\u00bb210261&Prime; _builder_version=\u00a0\u00bb3.7&Prime; title=\u00a0\u00bbLivres et territoire \/ Eau et soie\u00a0\u00bb title_level=\u00a0\u00bbh2&Prime; title_font=\u00a0\u00bb|700||on|||||\u00a0\u00bb background_color=\u00a0\u00bbrgba(255, 255, 255, 0)\u00a0\u00bb text_shadow_horizontal_length=\u00a0\u00bb0.08em\u00a0\u00bb text_shadow_vertical_length=\u00a0\u00bb0.08em\u00a0\u00bb text_shadow_blur_strength=\u00a0\u00bb0.08em\u00a0\u00bb title_line_height=\u00a0\u00bb0&Prime; title_text_shadow_style=\u00a0\u00bbpreset2&Prime; \/][\/et_pb_section][et_pb_section bb_built=\u00a0\u00bb1&Prime; fullwidth=\u00a0\u00bboff\u00a0\u00bb specialty=\u00a0\u00bboff\u00a0\u00bb _builder_version=\u00a0\u00bb3.0.106&Prime; prev_background_color=\u00a0\u00bb#000000&Prime;][et_pb_row _builder_version=\u00a0\u00bb3.0.106&Prime; use_custom_gutter=\u00a0\u00bbon\u00a0\u00bb gutter_width=\u00a0\u00bb1&Prime; use_custom_width=\u00a0\u00bbon\u00a0\u00bb custom_width_percent=\u00a0\u00bb100%\u00a0\u00bb custom_width_px=\u00a0\u00bb1220px\u00a0\u00bb module_class=\u00a0\u00bbcolonne\u00a0\u00bb padding_right_2=\u00a0\u00bb20px\u00a0\u00bb custom_padding=\u00a0\u00bb0px|0px|0px|0px\u00a0\u00bb padding_left_2=\u00a0\u00bb20px\u00a0\u00bb][et_pb_column type=\u00a0\u00bb1_4&Prime;][et_pb_image admin_label=\u00a0\u00bbIMG-COVER-AcqueSeta\u00a0\u00bb _builder_version=\u00a0\u00bb3.1.1&Prime; border_width_all=\u00a0\u00bb2&Prime; border_color_all=\u00a0\u00bb#08698f\u00a0\u00bb src=\u00a0\u00bbhttps:\/\/www.bibliocarloalberto.it\/wp-content\/uploads\/G_VIII_1516_COVER.jpg\u00a0\u00bb box_shadow_style=\u00a0\u00bbpreset3&Prime; \/][et_pb_divider _builder_version=\u00a0\u00bb3.0.106&Prime; color=\u00a0\u00bb#ffffff\u00a0\u00bb show_divider=\u00a0\u00bboff\u00a0\u00bb \/][et_pb_blurb admin_label=\u00a0\u00bbSala lettura FR\u00a0\u00bb _builder_version=\u00a0\u00bb3.10.1&Prime; title=\u00a0\u00bbLa version num\u00e9rique du livre peut \u00eatre trouv\u00e9e dans la salle de lecture du ch\u00e2teau de Racconigi\u00a0\u00bb url=\u00a0\u00bbhttps:\/\/www.bibliocarloalberto.it\/fr\/bibliotheque\/#sala\u00a0\u00bb use_icon=\u00a0\u00bbon\u00a0\u00bb font_icon=\u00a0\u00bb%%105%%\u00a0\u00bb icon_placement=\u00a0\u00bbleft\u00a0\u00bb header_font_size=\u00a0\u00bb15&Prime; header_line_height=\u00a0\u00bb1.1em\u00a0\u00bb border_width_top=\u00a0\u00bb1&Prime; border_color_top=\u00a0\u00bb#bc1313&Prime; border_width_bottom=\u00a0\u00bb1&Prime; border_color_bottom=\u00a0\u00bb#bc1313&Prime; custom_padding=\u00a0\u00bb7px|||\u00a0\u00bb header_text_color=\u00a0\u00bb#000000&Prime; animation=\u00a0\u00bboff\u00a0\u00bb saved_tabs=\u00a0\u00bball\u00a0\u00bb global_module=\u00a0\u00bb212121&Prime; \/][et_pb_divider _builder_version=\u00a0\u00bb3.0.106&Prime; color=\u00a0\u00bb#ffffff\u00a0\u00bb show_divider=\u00a0\u00bboff\u00a0\u00bb \/][\/et_pb_column][et_pb_column type=\u00a0\u00bb1_2&Prime;][et_pb_post_title _builder_version=\u00a0\u00bb3.0.106&Prime; title=\u00a0\u00bbon\u00a0\u00bb meta=\u00a0\u00bboff\u00a0\u00bb author=\u00a0\u00bbon\u00a0\u00bb date=\u00a0\u00bbon\u00a0\u00bb categories=\u00a0\u00bbon\u00a0\u00bb comments=\u00a0\u00bbon\u00a0\u00bb featured_image=\u00a0\u00bboff\u00a0\u00bb featured_placement=\u00a0\u00bbbelow\u00a0\u00bb text_color=\u00a0\u00bbdark\u00a0\u00bb text_background=\u00a0\u00bboff\u00a0\u00bb custom_padding=\u00a0\u00bb10px|||\u00a0\u00bb saved_tabs=\u00a0\u00bball\u00a0\u00bb global_module=\u00a0\u00bb206779&Prime; title_font_size=\u00a0\u00bb24&Prime; \/][et_pb_acf_single_item admin_label=\u00a0\u00bbSottotitolo-FR\u00a0\u00bb _builder_version=\u00a0\u00bb3.9&Prime; field_name=\u00a0\u00bbsous-titre|sous-titre\u00a0\u00bb image_size=\u00a0\u00bbthumbnail\u00a0\u00bb link_image=\u00a0\u00bbnone\u00a0\u00bb format_output=\u00a0\u00bbnone\u00a0\u00bb saved_tabs=\u00a0\u00bball\u00a0\u00bb global_module=\u00a0\u00bb210562&Prime; \/][et_pb_acf_single_item admin_label=\u00a0\u00bbAutore-fr\u00a0\u00bb _builder_version=\u00a0\u00bb3.9&Prime; field_name=\u00a0\u00bbauteur|auteur\u00a0\u00bb image_size=\u00a0\u00bbthumbnail\u00a0\u00bb link_image=\u00a0\u00bbnone\u00a0\u00bb format_output=\u00a0\u00bbnone\u00a0\u00bb title=\u00a0\u00bbAuteur:\u00a0\u00bb headings_font=\u00a0\u00bb|700|||||||\u00a0\u00bb saved_tabs=\u00a0\u00bball\u00a0\u00bb headings_font_size=\u00a0\u00bb14&Prime; global_module=\u00a0\u00bb210565&Prime; \/][et_pb_acf_single_item admin_label=\u00a0\u00bbData-fr\u00a0\u00bb _builder_version=\u00a0\u00bb3.9&Prime; field_name=\u00a0\u00bbDate de publication|date_de_publication\u00a0\u00bb image_size=\u00a0\u00bbthumbnail\u00a0\u00bb link_image=\u00a0\u00bbnone\u00a0\u00bb format_output=\u00a0\u00bbnone\u00a0\u00bb title=\u00a0\u00bbDate de publication:\u00a0\u00bb saved_tabs=\u00a0\u00bball\u00a0\u00bb headings_font_size=\u00a0\u00bb14&Prime; headings_font=\u00a0\u00bb|700|||||||\u00a0\u00bb global_module=\u00a0\u00bb210569&Prime; \/][et_pb_acf_single_item admin_label=\u00a0\u00bbDescrizione-fr\u00a0\u00bb _builder_version=\u00a0\u00bb3.7&Prime; field_name=\u00a0\u00bbDescrizione|description\u00a0\u00bb image_size=\u00a0\u00bbthumbnail\u00a0\u00bb link_image=\u00a0\u00bbnone\u00a0\u00bb format_output=\u00a0\u00bbnone\u00a0\u00bb saved_tabs=\u00a0\u00bball\u00a0\u00bb global_module=\u00a0\u00bb210572&Prime; \/][et_pb_code _builder_version=\u00a0\u00bb3.6&Prime; color=\u00a0\u00bb#ffffff\u00a0\u00bb show_divider=\u00a0\u00bboff\u00a0\u00bb]&lt;style&gt;.word-cloud a { display: inline-block; margin-right: 5px; color: #7b7b7d; } .word-cloud a:hover { color: #bc1313; } .word-cloud .size-1 { font-size: 12px; } .word-cloud .size-2 { font-size: 14px; } .word-cloud .size-3 { font-size: 16px; } .word-cloud .size-4 { font-size: 18px; } .word-cloud .size-5 { font-size: 20px; } .word-cloud .size-6 { font-size: 22px; } .word-cloud .size-7 { font-size: 24px; } .word-cloud .size-8 { font-size: 26px; } .word-cloud .size-9 { font-size: 28px; } .word-cloud .size-10 { font-size: 30px; }&lt;\/style&gt;&lt;!&#8211; [et_pb_line_break_holder] &#8211;&gt;&lt;!&#8211; [et_pb_line_break_holder] &#8211;&gt;&lt;div class=&quot;word-cloud&quot; id=&quot;word-cloud&quot;&gt;&lt;a href=&quot;https:\/\/www.bibliocarloalberto.it\/search\/main.page#\/results?start=0&amp;qf=nomeFile%7C%22G_VIII_1516.pdf%22&amp;ads_text=acque&quot; class=&quot;size-10&quot;&gt;acque&lt;\/a&gt;&lt;a href=&quot;https:\/\/www.bibliocarloalberto.it\/search\/main.page#\/results?start=0&amp;qf=nomeFile%7C%22G_VIII_1516.pdf%22&amp;ads_text=Acqui Terme&quot; class=&quot;size-3&quot;&gt;Acqui Terme&lt;\/a&gt;&lt;a href=&quot;https:\/\/www.bibliocarloalberto.it\/search\/main.page#\/results?start=0&amp;qf=nomeFile%7C%22G_VIII_1516.pdf%22&amp;ads_text=allume&quot; class=&quot;size-1&quot;&gt;allume&lt;\/a&gt;&lt;a href=&quot;https:\/\/www.bibliocarloalberto.it\/search\/main.page#\/results?start=0&amp;qf=nomeFile%7C%22G_VIII_1516.pdf%22&amp;ads_text=altezza&quot; class=&quot;size-1&quot;&gt;altezza&lt;\/a&gt;&lt;a href=&quot;https:\/\/www.bibliocarloalberto.it\/search\/main.page#\/results?start=0&amp;qf=nomeFile%7C%22G_VIII_1516.pdf%22&amp;ads_text=antichi&quot; class=&quot;size-1&quot;&gt;antichi&lt;\/a&gt;&lt;a href=&quot;https:\/\/www.bibliocarloalberto.it\/search\/main.page#\/results?start=0&amp;qf=nomeFile%7C%22G_VIII_1516.pdf%22&amp;ads_text=Antonio Guainerio&quot; class=&quot;size-2&quot;&gt;Antonio Guainerio&lt;\/a&gt;&lt;a href=&quot;https:\/\/www.bibliocarloalberto.it\/search\/main.page#\/results?start=0&amp;qf=nomeFile%7C%22G_VIII_1516.pdf%22&amp;ads_text=aria&quot; class=&quot;size-1&quot;&gt;aria&lt;\/a&gt;&lt;a href=&quot;https:\/\/www.bibliocarloalberto.it\/search\/main.page#\/results?start=0&amp;qf=nomeFile%7C%22G_VIII_1516.pdf%22&amp;ads_text=articolo&quot; class=&quot;size-1&quot;&gt;articolo&lt;\/a&gt;&lt;a href=&quot;https:\/\/www.bibliocarloalberto.it\/search\/main.page#\/results?start=0&amp;qf=nomeFile%7C%22G_VIII_1516.pdf%22&amp;ads_text=bagni&quot; class=&quot;size-3&quot;&gt;bagni&lt;\/a&gt;&lt;a href=&quot;https:\/\/www.bibliocarloalberto.it\/search\/main.page#\/results?start=0&amp;qf=nomeFile%7C%22G_VIII_1516.pdf%22&amp;ads_text=bolle&quot; class=&quot;size-1&quot;&gt;bolle&lt;\/a&gt;&lt;a href=&quot;https:\/\/www.bibliocarloalberto.it\/search\/main.page#\/results?start=0&amp;qf=nomeFile%7C%22G_VIII_1516.pdf%22&amp;ads_text=bollente&quot; class=&quot;size-1&quot;&gt;bollente&lt;\/a&gt;&lt;a href=&quot;https:\/\/www.bibliocarloalberto.it\/search\/main.page#\/results?start=0&amp;qf=nomeFile%7C%22G_VIII_1516.pdf%22&amp;ads_text=Bormia&quot; class=&quot;size-2&quot;&gt;Bormia&lt;\/a&gt;&lt;a href=&quot;https:\/\/www.bibliocarloalberto.it\/search\/main.page#\/results?start=0&amp;qf=nomeFile%7C%22G_VIII_1516.pdf%22&amp;ads_text=breve&quot; class=&quot;size-1&quot;&gt;breve&lt;\/a&gt;&lt;a href=&quot;https:\/\/www.bibliocarloalberto.it\/search\/main.page#\/results?start=0&amp;qf=nomeFile%7C%22G_VIII_1516.pdf%22&amp;ads_text=calore&quot; class=&quot;size-2&quot;&gt;calore&lt;\/a&gt;&lt;a href=&quot;https:\/\/www.bibliocarloalberto.it\/search\/main.page#\/results?start=0&amp;qf=nomeFile%7C%22G_VIII_1516.pdf%22&amp;ads_text=capo&quot; class=&quot;size-1&quot;&gt;capo&lt;\/a&gt;&lt;a href=&quot;https:\/\/www.bibliocarloalberto.it\/search\/main.page#\/results?start=0&amp;qf=nomeFile%7C%22G_VIII_1516.pdf%22&amp;ads_text=citt\u00e0&quot; class=&quot;size-2&quot;&gt;citt\u00e0&lt;\/a&gt;&lt;a href=&quot;https:\/\/www.bibliocarloalberto.it\/search\/main.page#\/results?start=0&amp;qf=nomeFile%7C%22G_VIII_1516.pdf%22&amp;ads_text=collo&quot; class=&quot;size-1&quot;&gt;collo&lt;\/a&gt;&lt;a href=&quot;https:\/\/www.bibliocarloalberto.it\/search\/main.page#\/results?start=0&amp;qf=nomeFile%7C%22G_VIII_1516.pdf%22&amp;ads_text=color&quot; class=&quot;size-1&quot;&gt;color&lt;\/a&gt;&lt;a href=&quot;https:\/\/www.bibliocarloalberto.it\/search\/main.page#\/results?start=0&amp;qf=nomeFile%7C%22G_VIII_1516.pdf%22&amp;ads_text=corpo&quot; class=&quot;size-2&quot;&gt;corpo&lt;\/a&gt;&lt;a href=&quot;https:\/\/www.bibliocarloalberto.it\/search\/main.page#\/results?start=0&amp;qf=nomeFile%7C%22G_VIII_1516.pdf%22&amp;ads_text=doccia&quot; class=&quot;size-1&quot;&gt;doccia&lt;\/a&gt;&lt;a href=&quot;https:\/\/www.bibliocarloalberto.it\/search\/main.page#\/results?start=0&amp;qf=nomeFile%7C%22G_VIII_1516.pdf%22&amp;ads_text=docciatura&quot; class=&quot;size-1&quot;&gt;docciatura&lt;\/a&gt;&lt;a href=&quot;https:\/\/www.bibliocarloalberto.it\/search\/main.page#\/results?start=0&amp;qf=nomeFile%7C%22G_VIII_1516.pdf%22&amp;ads_text=doccione&quot; class=&quot;size-1&quot;&gt;doccione&lt;\/a&gt;&lt;a href=&quot;https:\/\/www.bibliocarloalberto.it\/search\/main.page#\/results?start=0&amp;qf=nomeFile%7C%22G_VIII_1516.pdf%22&amp;ads_text=dolori&quot; class=&quot;size-1&quot;&gt;dolori&lt;\/a&gt;&lt;a href=&quot;https:\/\/www.bibliocarloalberto.it\/search\/main.page#\/results?start=0&amp;qf=nomeFile%7C%22G_VIII_1516.pdf%22&amp;ads_text=evaporazione&quot; class=&quot;size-1&quot;&gt;evaporazione&lt;\/a&gt;&lt;a href=&quot;https:\/\/www.bibliocarloalberto.it\/search\/main.page#\/results?start=0&amp;qf=nomeFile%7C%22G_VIII_1516.pdf%22&amp;ads_text=fabbrica&quot; class=&quot;size-1&quot;&gt;fabbrica&lt;\/a&gt;&lt;a href=&quot;https:\/\/www.bibliocarloalberto.it\/search\/main.page#\/results?start=0&amp;qf=nomeFile%7C%22G_VIII_1516.pdf%22&amp;ads_text=fangaroli&quot; class=&quot;size-1&quot;&gt;fangaroli&lt;\/a&gt;&lt;a href=&quot;https:\/\/www.bibliocarloalberto.it\/search\/main.page#\/results?start=0&amp;qf=nomeFile%7C%22G_VIII_1516.pdf%22&amp;ads_text=fanghi&quot; class=&quot;size-2&quot;&gt;fanghi&lt;\/a&gt;&lt;a href=&quot;https:\/\/www.bibliocarloalberto.it\/search\/main.page#\/results?start=0&amp;qf=nomeFile%7C%22G_VIII_1516.pdf%22&amp;ads_text=fango&quot; class=&quot;size-4&quot;&gt;fango&lt;\/a&gt;&lt;a href=&quot;https:\/\/www.bibliocarloalberto.it\/search\/main.page#\/results?start=0&amp;qf=nomeFile%7C%22G_VIII_1516.pdf%22&amp;ads_text=fondo&quot; class=&quot;size-1&quot;&gt;fondo&lt;\/a&gt;&lt;a href=&quot;https:\/\/www.bibliocarloalberto.it\/search\/main.page#\/results?start=0&amp;qf=nomeFile%7C%22G_VIII_1516.pdf%22&amp;ads_text=fontanino&quot; class=&quot;size-1&quot;&gt;fontanino&lt;\/a&gt;&lt;a href=&quot;https:\/\/www.bibliocarloalberto.it\/search\/main.page#\/results?start=0&amp;qf=nomeFile%7C%22G_VIII_1516.pdf%22&amp;ads_text=fonte&quot; class=&quot;size-1&quot;&gt;fonte&lt;\/a&gt;&lt;a href=&quot;https:\/\/www.bibliocarloalberto.it\/search\/main.page#\/results?start=0&amp;qf=nomeFile%7C%22G_VIII_1516.pdf%22&amp;ads_text=forf\u00e8&quot; class=&quot;size-1&quot;&gt;forf\u00e8&lt;\/a&gt;&lt;a href=&quot;https:\/\/www.bibliocarloalberto.it\/search\/main.page#\/results?start=0&amp;qf=nomeFile%7C%22G_VIII_1516.pdf%22&amp;ads_text=fredda&quot; class=&quot;size-1&quot;&gt;fredda&lt;\/a&gt;&lt;a href=&quot;https:\/\/www.bibliocarloalberto.it\/search\/main.page#\/results?start=0&amp;qf=nomeFile%7C%22G_VIII_1516.pdf%22&amp;ads_text=giorno&quot; class=&quot;size-1&quot;&gt;giorno&lt;\/a&gt;&lt;a href=&quot;https:\/\/www.bibliocarloalberto.it\/search\/main.page#\/results?start=0&amp;qf=nomeFile%7C%22G_VIII_1516.pdf%22&amp;ads_text=grani&quot; class=&quot;size-1&quot;&gt;grani&lt;\/a&gt;&lt;a href=&quot;https:\/\/www.bibliocarloalberto.it\/search\/main.page#\/results?start=0&amp;qf=nomeFile%7C%22G_VIII_1516.pdf%22&amp;ads_text=infermi&quot; class=&quot;size-2&quot;&gt;infermi&lt;\/a&gt;&lt;a href=&quot;https:\/\/www.bibliocarloalberto.it\/search\/main.page#\/results?start=0&amp;qf=nomeFile%7C%22G_VIII_1516.pdf%22&amp;ads_text=ingredienti&quot; class=&quot;size-1&quot;&gt;ingredienti&lt;\/a&gt;&lt;a href=&quot;https:\/\/www.bibliocarloalberto.it\/search\/main.page#\/results?start=0&amp;qf=nomeFile%7C%22G_VIII_1516.pdf%22&amp;ads_text=interno&quot; class=&quot;size-1&quot;&gt;interno&lt;\/a&gt;&lt;a href=&quot;https:\/\/www.bibliocarloalberto.it\/search\/main.page#\/results?start=0&amp;qf=nomeFile%7C%22G_VIII_1516.pdf%22&amp;ads_text=laghetto&quot; class=&quot;size-1&quot;&gt;laghetto&lt;\/a&gt;&lt;a href=&quot;https:\/\/www.bibliocarloalberto.it\/search\/main.page#\/results?start=0&amp;qf=nomeFile%7C%22G_VIII_1516.pdf%22&amp;ads_text=laghi&quot; class=&quot;size-1&quot;&gt;laghi&lt;\/a&gt;&lt;a href=&quot;https:\/\/www.bibliocarloalberto.it\/search\/main.page#\/results?start=0&amp;qf=nomeFile%7C%22G_VIII_1516.pdf%22&amp;ads_text=lago&quot; class=&quot;size-3&quot;&gt;lago&lt;\/a&gt;&lt;a href=&quot;https:\/\/www.bibliocarloalberto.it\/search\/main.page#\/results?start=0&amp;qf=nomeFile%7C%22G_VIII_1516.pdf%22&amp;ads_text=libbre&quot; class=&quot;size-1&quot;&gt;libbre&lt;\/a&gt;&lt;a href=&quot;https:\/\/www.bibliocarloalberto.it\/search\/main.page#\/results?start=0&amp;qf=nomeFile%7C%22G_VIII_1516.pdf%22&amp;ads_text=luogo&quot; class=&quot;size-1&quot;&gt;luogo&lt;\/a&gt;&lt;a href=&quot;https:\/\/www.bibliocarloalberto.it\/search\/main.page#\/results?start=0&amp;qf=nomeFile%7C%22G_VIII_1516.pdf%22&amp;ads_text=maggiore&quot; class=&quot;size-1&quot;&gt;maggiore&lt;\/a&gt;&lt;a href=&quot;https:\/\/www.bibliocarloalberto.it\/search\/main.page#\/results?start=0&amp;qf=nomeFile%7C%22G_VIII_1516.pdf%22&amp;ads_text=malattie&quot; class=&quot;size-1&quot;&gt;malattie&lt;\/a&gt;&lt;a href=&quot;https:\/\/www.bibliocarloalberto.it\/search\/main.page#\/results?start=0&amp;qf=nomeFile%7C%22G_VIII_1516.pdf%22&amp;ads_text=mali&quot; class=&quot;size-1&quot;&gt;mali&lt;\/a&gt;&lt;a href=&quot;https:\/\/www.bibliocarloalberto.it\/search\/main.page#\/results?start=0&amp;qf=nomeFile%7C%22G_VIII_1516.pdf%22&amp;ads_text=mattino&quot; class=&quot;size-1&quot;&gt;mattino&lt;\/a&gt;&lt;a href=&quot;https:\/\/www.bibliocarloalberto.it\/search\/main.page#\/results?start=0&amp;qf=nomeFile%7C%22G_VIII_1516.pdf%22&amp;ads_text=medico&quot; class=&quot;size-1&quot;&gt;medico&lt;\/a&gt;&lt;a href=&quot;https:\/\/www.bibliocarloalberto.it\/search\/main.page#\/results?start=0&amp;qf=nomeFile%7C%22G_VIII_1516.pdf%22&amp;ads_text=mente&quot; class=&quot;size-1&quot;&gt;mente&lt;\/a&gt;&lt;a href=&quot;https:\/\/www.bibliocarloalberto.it\/search\/main.page#\/results?start=0&amp;qf=nomeFile%7C%22G_VIII_1516.pdf%22&amp;ads_text=minerali&quot; class=&quot;size-1&quot;&gt;minerali&lt;\/a&gt;&lt;a href=&quot;https:\/\/www.bibliocarloalberto.it\/search\/main.page#\/results?start=0&amp;qf=nomeFile%7C%22G_VIII_1516.pdf%22&amp;ads_text=minore&quot; class=&quot;size-1&quot;&gt;minore&lt;\/a&gt;&lt;a href=&quot;https:\/\/www.bibliocarloalberto.it\/search\/main.page#\/results?start=0&amp;qf=nomeFile%7C%22G_VIII_1516.pdf%22&amp;ads_text=muri&quot; class=&quot;size-1&quot;&gt;muri&lt;\/a&gt;&lt;a href=&quot;https:\/\/www.bibliocarloalberto.it\/search\/main.page#\/results?start=0&amp;qf=nomeFile%7C%22G_VIII_1516.pdf%22&amp;ads_text=natura&quot; class=&quot;size-1&quot;&gt;natura&lt;\/a&gt;&lt;a href=&quot;https:\/\/www.bibliocarloalberto.it\/search\/main.page#\/results?start=0&amp;qf=nomeFile%7C%22G_VIII_1516.pdf%22&amp;ads_text=olio&quot; class=&quot;size-1&quot;&gt;olio&lt;\/a&gt;&lt;a href=&quot;https:\/\/www.bibliocarloalberto.it\/search\/main.page#\/results?start=0&amp;qf=nomeFile%7C%22G_VIII_1516.pdf%22&amp;ads_text=orientale&quot; class=&quot;size-1&quot;&gt;orientale&lt;\/a&gt;&lt;a href=&quot;https:\/\/www.bibliocarloalberto.it\/search\/main.page#\/results?start=0&amp;qf=nomeFile%7C%22G_VIII_1516.pdf%22&amp;ads_text=pellicola&quot; class=&quot;size-1&quot;&gt;pellicola&lt;\/a&gt;&lt;a href=&quot;https:\/\/www.bibliocarloalberto.it\/search\/main.page#\/results?start=0&amp;qf=nomeFile%7C%22G_VIII_1516.pdf%22&amp;ads_text=piedi&quot; class=&quot;size-1&quot;&gt;piedi&lt;\/a&gt;&lt;a href=&quot;https:\/\/www.bibliocarloalberto.it\/search\/main.page#\/results?start=0&amp;qf=nomeFile%7C%22G_VIII_1516.pdf%22&amp;ads_text=polviglio&quot; class=&quot;size-1&quot;&gt;polviglio&lt;\/a&gt;&lt;a href=&quot;https:\/\/www.bibliocarloalberto.it\/search\/main.page#\/results?start=0&amp;qf=nomeFile%7C%22G_VIII_1516.pdf%22&amp;ads_text=principio&quot; class=&quot;size-1&quot;&gt;principio&lt;\/a&gt;&lt;a href=&quot;https:\/\/www.bibliocarloalberto.it\/search\/main.page#\/results?start=0&amp;qf=nomeFile%7C%22G_VIII_1516.pdf%22&amp;ads_text=qualit\u00e0&quot; class=&quot;size-1&quot;&gt;qualit\u00e0&lt;\/a&gt;&lt;a href=&quot;https:\/\/www.bibliocarloalberto.it\/search\/main.page#\/results?start=0&amp;qf=nomeFile%7C%22G_VIII_1516.pdf%22&amp;ads_text=quantit\u00e0&quot; class=&quot;size-2&quot;&gt;quantit\u00e0&lt;\/a&gt;&lt;a href=&quot;https:\/\/www.bibliocarloalberto.it\/search\/main.page#\/results?start=0&amp;qf=nomeFile%7C%22G_VIII_1516.pdf%22&amp;ads_text=rimedi&quot; class=&quot;size-1&quot;&gt;rimedi&lt;\/a&gt;&lt;a href=&quot;https:\/\/www.bibliocarloalberto.it\/search\/main.page#\/results?start=0&amp;qf=nomeFile%7C%22G_VIII_1516.pdf%22&amp;ads_text=rimedio&quot; class=&quot;size-1&quot;&gt;rimedio&lt;\/a&gt;&lt;a href=&quot;https:\/\/www.bibliocarloalberto.it\/search\/main.page#\/results?start=0&amp;qf=nomeFile%7C%22G_VIII_1516.pdf%22&amp;ads_text=tempi&quot; class=&quot;size-1&quot;&gt;tempi&lt;\/a&gt;&lt;a href=&quot;https:\/\/www.bibliocarloalberto.it\/search\/main.page#\/results?start=0&amp;qf=nomeFile%7C%22G_VIII_1516.pdf%22&amp;ads_text=tempo&quot; class=&quot;size-3&quot;&gt;tempo&lt;\/a&gt;&lt;a href=&quot;https:\/\/www.bibliocarloalberto.it\/search\/main.page#\/results?start=0&amp;qf=nomeFile%7C%22G_VIII_1516.pdf%22&amp;ads_text=termale&quot; class=&quot;size-1&quot;&gt;termale&lt;\/a&gt;&lt;a href=&quot;https:\/\/www.bibliocarloalberto.it\/search\/main.page#\/results?start=0&amp;qf=nomeFile%7C%22G_VIII_1516.pdf%22&amp;ads_text=terme&quot; class=&quot;size-2&quot;&gt;terme&lt;\/a&gt;&lt;a href=&quot;https:\/\/www.bibliocarloalberto.it\/search\/main.page#\/results?start=0&amp;qf=nomeFile%7C%22G_VIII_1516.pdf%22&amp;ads_text=terra&quot; class=&quot;size-2&quot;&gt;terra&lt;\/a&gt;&lt;a href=&quot;https:\/\/www.bibliocarloalberto.it\/search\/main.page#\/results?start=0&amp;qf=nomeFile%7C%22G_VIII_1516.pdf%22&amp;ads_text=terreno&quot; class=&quot;size-1&quot;&gt;terreno&lt;\/a&gt;&lt;a href=&quot;https:\/\/www.bibliocarloalberto.it\/search\/main.page#\/results?start=0&amp;qf=nomeFile%7C%22G_VIII_1516.pdf%22&amp;ads_text=tic&quot; class=&quot;size-1&quot;&gt;tic&lt;\/a&gt;&lt;a href=&quot;https:\/\/www.bibliocarloalberto.it\/search\/main.page#\/results?start=0&amp;qf=nomeFile%7C%22G_VIII_1516.pdf%22&amp;ads_text=vantaggio&quot; class=&quot;size-1&quot;&gt;vantaggio&lt;\/a&gt;&lt;a href=&quot;https:\/\/www.bibliocarloalberto.it\/search\/main.page#\/results?start=0&amp;qf=nomeFile%7C%22G_VIII_1516.pdf%22&amp;ads_text=vetro&quot; class=&quot;size-1&quot;&gt;vetro&lt;\/a&gt;&lt;a href=&quot;https:\/\/www.bibliocarloalberto.it\/search\/main.page#\/results?start=0&amp;qf=nomeFile%7C%22G_VIII_1516.pdf%22&amp;ads_text=virt\u00f9&quot; class=&quot;size-1&quot;&gt;virt\u00f9&lt;\/a&gt;&lt;a href=&quot;https:\/\/www.bibliocarloalberto.it\/search\/main.page#\/results?start=0&amp;qf=nomeFile%7C%22G_VIII_1516.pdf%22&amp;ads_text=zolfo&quot; class=&quot;size-1&quot;&gt;zolfo&lt;\/a&gt;&lt;\/div&gt;&lt;!&#8211; [et_pb_line_break_holder] &#8211;&gt;&lt;!&#8211; [et_pb_line_break_holder] &#8211;&gt;[\/et_pb_code][\/et_pb_column][et_pb_column type=\u00a0\u00bb1_4&Prime;][et_pb_sidebar _builder_version=\u00a0\u00bb3.2.1&Prime; area=\u00a0\u00bbet_pb_widget_area_4&Prime; orientation=\u00a0\u00bbright\u00a0\u00bb body_font_size=\u00a0\u00bb12&Prime; disabled=\u00a0\u00bboff\u00a0\u00bb disabled_on=\u00a0\u00bbon|on|\u00a0\u00bb saved_tabs=\u00a0\u00bball\u00a0\u00bb global_module=\u00a0\u00bb208526&Prime; \/][\/et_pb_column][\/et_pb_row][\/et_pb_section]<\/p>\n","protected":false},"excerpt":{"rendered":"<p>&lt;style&gt;.word-cloud a { display: inline-block; margin-right: 5px; color: #7b7b7d; } .word-cloud a:hover { color: #bc1313; } .word-cloud .size-1 { font-size: 12px; } .word-cloud .size-2 { font-size: 14px; } .word-cloud .size-3 { font-size: 16px; } .word-cloud .size-4 { font-size: 18px; } .word-cloud .size-5 { font-size: 20px; } .word-cloud .size-6 { font-size: 22px; } .word-cloud .size-7 { [&hellip;]<\/p>\n","protected":false},"author":1,"featured_media":206718,"comment_status":"closed","ping_status":"closed","template":"","meta":{"_acf_changed":false,"_et_pb_use_builder":"on","_et_pb_old_content":"","_et_gb_content_width":"","footnotes":""},"project_category":[203],"project_tag":[],"acf":[],"_links":{"self":[{"href":"https:\/\/www.bibliocarloalberto.it\/fr\/wp-json\/wp\/v2\/project\/210905"}],"collection":[{"href":"https:\/\/www.bibliocarloalberto.it\/fr\/wp-json\/wp\/v2\/project"}],"about":[{"href":"https:\/\/www.bibliocarloalberto.it\/fr\/wp-json\/wp\/v2\/types\/project"}],"author":[{"embeddable":true,"href":"https:\/\/www.bibliocarloalberto.it\/fr\/wp-json\/wp\/v2\/users\/1"}],"replies":[{"embeddable":true,"href":"https:\/\/www.bibliocarloalberto.it\/fr\/wp-json\/wp\/v2\/comments?post=210905"}],"version-history":[{"count":5,"href":"https:\/\/www.bibliocarloalberto.it\/fr\/wp-json\/wp\/v2\/project\/210905\/revisions"}],"predecessor-version":[{"id":212304,"href":"https:\/\/www.bibliocarloalberto.it\/fr\/wp-json\/wp\/v2\/project\/210905\/revisions\/212304"}],"wp:featuredmedia":[{"embeddable":true,"href":"https:\/\/www.bibliocarloalberto.it\/fr\/wp-json\/wp\/v2\/media\/206718"}],"wp:attachment":[{"href":"https:\/\/www.bibliocarloalberto.it\/fr\/wp-json\/wp\/v2\/media?parent=210905"}],"wp:term":[{"taxonomy":"project_category","embeddable":true,"href":"https:\/\/www.bibliocarloalberto.it\/fr\/wp-json\/wp\/v2\/project_category?post=210905"},{"taxonomy":"project_tag","embeddable":true,"href":"https:\/\/www.bibliocarloalberto.it\/fr\/wp-json\/wp\/v2\/project_tag?post=210905"}],"curies":[{"name":"wp","href":"https:\/\/api.w.org\/{rel}","templated":true}]}}